{"id":4256,"date":"2025-09-10T13:34:05","date_gmt":"2025-09-10T11:34:05","guid":{"rendered":"https:\/\/ideal-shopping.fr\/?post_type=product&#038;p=4256"},"modified":"2026-01-07T12:18:43","modified_gmt":"2026-01-07T11:18:43","slug":"manteau-bleeckett-noir","status":"publish","type":"product","link":"https:\/\/ideal-shopping.fr\/?product=manteau-bleeckett-noir","title":{"rendered":"Manteau Bleeckett noir"},"content":{"rendered":"<p>Manteau long double boutonnage \u00e0 col montant en double twill melton finition velvet tiss\u00e9 en Italie.<\/p>\n<p>La laine utilis\u00e9e pour la confection de ce produit est recycl\u00e9e et certifi\u00e9e GRS, cela permet de r\u00e9duire son impact environnemental et de s&rsquo;int\u00e9grer dans une d\u00e9marche plus large de pr\u00e9servation des ressources.<br \/>\nLe polyamide utilis\u00e9 en compl\u00e9ment de la laine pour la confection de ce produit est recycl\u00e9 et certifi\u00e9 GRS, cela permet de r\u00e9duire son impact environnemental et de s&rsquo;int\u00e9grer dans une d\u00e9marche plus large de pr\u00e9servation des ressources.<\/p>\n<div class=\"free_desc\">\n<p>Col montant \u00e0 patte boutonn\u00e9e<br \/>\nFermeture \u00e0 double boutonnage<br \/>\nManches raglans<br \/>\nLarges poches passepoil\u00e9es devant<br \/>\nPattes boutonn\u00e9es aux poignets<br \/>\nD\u00e9tail de fente au dos<\/p>\n<\/div>\n<p class=\"composition\">70% Laine 30% Polyamide<\/p>\n","protected":false},"excerpt":{"rendered":"<p>Manteau long double boutonnage \u00e0 col montant en double twill melton finition velvet tiss\u00e9 en Italie. La laine utilis\u00e9e pour la confection de ce produit est recycl\u00e9e et certifi\u00e9e GRS, cela permet de r\u00e9duire son impact environnemental et de s&rsquo;int\u00e9grer dans une d\u00e9marche plus large de pr\u00e9servation des ressources. Le polyamide utilis\u00e9 en compl\u00e9ment de&hellip;<\/p>\n","protected":false},"featured_media":4258,"template":"","meta":[],"product_brand":[],"product_cat":[15],"product_tag":[],"class_list":{"0":"post-4256","1":"product","2":"type-product","3":"status-publish","4":"has-post-thumbnail","6":"product_cat-non-classe","7":"pa_marque-sessun","9":"first","10":"instock","11":"sale","12":"shipping-taxable","13":"purchasable","14":"product-type-variable"},"jetpack_sharing_enabled":true,"_links":{"self":[{"href":"https:\/\/ideal-shopping.fr\/index.php?rest_route=\/wp\/v2\/product\/4256","targetHints":{"allow":["GET"]}}],"collection":[{"href":"https:\/\/ideal-shopping.fr\/index.php?rest_route=\/wp\/v2\/product"}],"about":[{"href":"https:\/\/ideal-shopping.fr\/index.php?rest_route=\/wp\/v2\/types\/product"}],"wp:featuredmedia":[{"embeddable":true,"href":"https:\/\/ideal-shopping.fr\/index.php?rest_route=\/wp\/v2\/media\/4258"}],"wp:attachment":[{"href":"https:\/\/ideal-shopping.fr\/index.php?rest_route=%2Fwp%2Fv2%2Fmedia&parent=4256"}],"wp:term":[{"taxonomy":"product_brand","embeddable":true,"href":"https:\/\/ideal-shopping.fr\/index.php?rest_route=%2Fwp%2Fv2%2Fproduct_brand&post=4256"},{"taxonomy":"product_cat","embeddable":true,"href":"https:\/\/ideal-shopping.fr\/index.php?rest_route=%2Fwp%2Fv2%2Fproduct_cat&post=4256"},{"taxonomy":"product_tag","embeddable":true,"href":"https:\/\/ideal-shopping.fr\/index.php?rest_route=%2Fwp%2Fv2%2Fproduct_tag&post=4256"}],"curies":[{"name":"wp","href":"https:\/\/api.w.org\/{rel}","templated":true}]}}